{"id":25064,"date":"2022-11-02T10:38:04","date_gmt":"2022-11-02T10:38:04","guid":{"rendered":"https:\/\/ecomlux.lu\/privatsphare-politik\/"},"modified":"2024-04-23T15:17:01","modified_gmt":"2024-04-23T15:17:01","slug":"privatsphare-politik","status":"publish","type":"page","link":"https:\/\/ecomlux.lu\/lu\/privatsphare-politik\/","title":{"rendered":"Privatsph\u00e4re Politik"},"content":{"rendered":"\t\t<div data-elementor-type=\"wp-page\" data-elementor-id=\"25064\" class=\"elementor elementor-25064 elementor-45\" data-elementor-post-type=\"page\">\n\t\t\t\t\t\t<section class=\"elementor-section elementor-top-section elementor-element elementor-element-7ad008e elementor-section-boxed elementor-section-height-default elementor-section-height-default\" data-id=\"7ad008e\" data-element_type=\"section\">\n\t\t\t\t\t\t<div class=\"elementor-container elementor-column-gap-default\">\n\t\t\t\t\t<div class=\"elementor-column elementor-col-100 elementor-top-column elementor-element elementor-element-387a5e7\" data-id=\"387a5e7\" data-element_type=\"column\">\n\t\t\t<div class=\"elementor-widget-wrap elementor-element-populated\">\n\t\t\t\t\t\t<div class=\"elementor-element elementor-element-2732284 elementor-widget elementor-widget-heading\" data-id=\"2732284\" data-element_type=\"widget\" data-widget_type=\"heading.default\">\n\t\t\t\t<div class=\"elementor-widget-container\">\n\t\t\t\t\t<h1 class=\"elementor-heading-title elementor-size-default\">Privatsph\u00e4re Politik<\/h1>\t\t\t\t<\/div>\n\t\t\t\t<\/div>\n\t\t\t\t<div class=\"elementor-element elementor-element-58a2961 elementor-widget elementor-widget-text-editor\" data-id=\"58a2961\" data-element_type=\"widget\" data-widget_type=\"text-editor.default\">\n\t\t\t\t<div class=\"elementor-widget-container\">\n\t\t\t\t\t\t\t\t\t<p><span data-doc-id=\"3314998000000238150\" data-doc-type=\"writer\">De Schutz vun \u00c4re pers\u00e9inlechen Informatiounen ass fir eis vu grousser Wichtegkeet. <\/span>Mir verpflichten eis \u00c4r Privatsph\u00e4r ze respekt\u00e9ieren an d&#8217;Informatioun ze sch\u00fctzen d\u00e9i Dir eis gitt. D\u00ebs Dateschutzpolitik erkl\u00e4ert w\u00e9i mir \u00c4r pers\u00e9inlech Informatioune sammelen, benotzen, ver\u00ebffentlechen a sch\u00fctzen.<\/p>\n\t\t\t\t\t\t\t\t<\/div>\n\t\t\t\t<\/div>\n\t\t\t\t<div class=\"elementor-element elementor-element-b609da1 elementor-widget elementor-widget-pp-advanced-accordion\" data-id=\"b609da1\" data-element_type=\"widget\" data-settings=\"{&quot;accordion_type&quot;:&quot;accordion&quot;,&quot;toggle_speed&quot;:300}\" data-widget_type=\"pp-advanced-accordion.default\">\n\t\t\t\t<div class=\"elementor-widget-container\">\n\t\t\t\t\t\t\t<div class=\"pp-advanced-accordion pp-toggle-icon-align-right\" id=\"pp-advanced-accordion-b609da1\" data-accordion-id=\"b609da1\" role=\"tablist\">\n\t\t\t\t\t\t\t<div class=\"pp-accordion-item\">\n\t\t\t\t\t\t\t\t\t\t<div id=\"pp-accordion-tab-title-1901\" class=\"pp-accordion-tab-title\" tabindex=\"0\" data-tab=\"1\" role=\"tab\" aria-controls=\"pp-accordion-tab-content-1901\" aria-expanded=\"false\">\n\t\t\t\t\t\t<span class=\"pp-accordion-title-icon\">\n\t\t\t\t\t\t\t\t\t\t\t\t\t\t<span class=\"pp-accordion-title-text\">\n\t\t\t\t\t\t\t\tWien ass responsabel fir d'Veraarbechtung vu menger Donn\u00e9e\u00ebn? W\u00e9i eng Servicer si betraff? \t\t\t\t\t\t\t<\/span>\n\t\t\t\t\t\t<\/span>\n\t\t\t\t\t\t\t\t\t\t\t\t\t<div class=\"pp-accordion-toggle-icon\">\n\t\t\t\t\t\t\t\t\t\t\t\t\t\t\t\t\t<span class='pp-accordion-toggle-icon-close pp-icon'>\n\t\t\t\t\t\t\t\t\t\t<i aria-hidden=\"true\" class=\"fas fa-plus\"><\/i>\t\t\t\t\t\t\t\t\t<\/span>\n\t\t\t\t\t\t\t\t\t\t\t\t\t\t\t\t\t\t\t\t\t\t\t\t\t<span class='pp-accordion-toggle-icon-open pp-icon'>\n\t\t\t\t\t\t\t\t\t\t<i aria-hidden=\"true\" class=\"fas fa-minus\"><\/i>\t\t\t\t\t\t\t\t\t<\/span>\n\t\t\t\t\t\t\t\t\t\t\t\t\t\t\t<\/div>\n\t\t\t\t\t\t\t\t\t\t\t<\/div>\n\n\t\t\t\t\t<div id=\"pp-accordion-tab-content-1901\" class=\"pp-accordion-tab-content\" data-tab=\"1\" role=\"tabpanel\" aria-labelledby=\"pp-accordion-tab-title-1901\">\n\t\t\t\t\t\t<p>D'Entreprise ECOM LUX S.\u00e0r.l. mat Setz zu 58, Rue de l'Aci\u00e9rie, L-1112 Luxembourg, bedreift d'Webs\u00e4it mat den Informatiounen iwwer d\u00e9i ugebuede Servicer, d\u00e9i \u00ebnner follgender Adresse accessibel sinn <a href=\"https:\/\/ecomlux.lu\/lu\/\">ecomlux.lu<\/a>. ECOM LUX S.\u00e0r.l. ass d\u00e9i verantwortlech Entit\u00e9it fir d\u2019Veraarbechtung vun \u00c4re pers\u00e9inlechen Donn\u00e9e\u00ebn.<\/p>\n<p>Respekt\u00e9ieren an den Schutz vun \u00c4rer Privatsph\u00e4r ass wesentlech fir ECOM LUX S.\u00e0r.l.<\/p>\n<p>D\u00ebs Dateschutzpolitik inform\u00e9iert Iech iwwer d'Servicer d\u00e9i d'Sammele vun \u00c4re pers\u00e9inlechen Donn\u00e9e\u00eb betr\u00ebfft.<\/p>\n\t\t\t\t\t<\/div>\n\t\t\t\t<\/div>\n\t\t\t\t\t\t\t<div class=\"pp-accordion-item\">\n\t\t\t\t\t\t\t\t\t\t<div id=\"pp-accordion-tab-title-1902\" class=\"pp-accordion-tab-title\" tabindex=\"0\" data-tab=\"2\" role=\"tab\" aria-controls=\"pp-accordion-tab-content-1902\" aria-expanded=\"false\">\n\t\t\t\t\t\t<span class=\"pp-accordion-title-icon\">\n\t\t\t\t\t\t\t\t\t\t\t\t\t\t<span class=\"pp-accordion-title-text\">\n\t\t\t\t\t\t\t\tW\u00e9i sammele mir \u00c4r Donn\u00e9e\u00ebn? W\u00e9i eng Donn\u00e9e\u00ebn si betraff? \t\t\t\t\t\t\t<\/span>\n\t\t\t\t\t\t<\/span>\n\t\t\t\t\t\t\t\t\t\t\t\t\t<div class=\"pp-accordion-toggle-icon\">\n\t\t\t\t\t\t\t\t\t\t\t\t\t\t\t\t\t<span class='pp-accordion-toggle-icon-close pp-icon'>\n\t\t\t\t\t\t\t\t\t\t<i aria-hidden=\"true\" class=\"fas fa-plus\"><\/i>\t\t\t\t\t\t\t\t\t<\/span>\n\t\t\t\t\t\t\t\t\t\t\t\t\t\t\t\t\t\t\t\t\t\t\t\t\t<span class='pp-accordion-toggle-icon-open pp-icon'>\n\t\t\t\t\t\t\t\t\t\t<i aria-hidden=\"true\" class=\"fas fa-minus\"><\/i>\t\t\t\t\t\t\t\t\t<\/span>\n\t\t\t\t\t\t\t\t\t\t\t\t\t\t\t<\/div>\n\t\t\t\t\t\t\t\t\t\t\t<\/div>\n\n\t\t\t\t\t<div id=\"pp-accordion-tab-content-1902\" class=\"pp-accordion-tab-content\" data-tab=\"2\" role=\"tabpanel\" aria-labelledby=\"pp-accordion-tab-title-1902\">\n\t\t\t\t\t\t<p class=\"zw-paragraph\" data-textformat=\"{\"fw\":\"bold\",\"type\":\"text\"}\" data-margin-bottom=\"0pt\" data-line-height=\"1.2\" data-doc-id=\"3314998000000238150\" data-doc-type=\"writer\">Mir sammele pers\u00e9inlech Donn\u00e9e\u00eb wann Dir eis Servicer benotzt oder mat eiser Webs\u00e4it interag\u00e9iert. D'Donn\u00e9e\u00ebn d\u00e9i mir sammele k\u00ebnnen enthalen:<\/p>\n<p class=\"zw-paragraph\" data-textformat=\"{\"type\":\"text\"}\" data-margin-bottom=\"0pt\" data-line-height=\"1.2\">Donn\u00e9e\u00ebn d\u00e9i aus dem Kontaktformulaire gesammelt ginn:<\/p>\n<ul data-list-id=\"13930995\" data-list-format=\"{\"level0\":{\"type\":6,\"startsWith\":1},\"level1\":{\"type\":7,\"startsWith\":1},\"level2\":{\"type\":8,\"startsWith\":1},\"level3\":{\"type\":6,\"startsWith\":1},\"level4\":{\"type\":7,\"startsWith\":1},\"level5\":{\"type\":8,\"startsWith\":1},\"level6\":{\"type\":6,\"startsWith\":1},\"level7\":{\"type\":7,\"startsWith\":1},\"level8\":{\"type\":8,\"startsWith\":1}}\" data-spl-bullet-format=\"{}\">\n<li>\n<p class=\"zw-list zw-paragraph\" data-textformat=\"{\"ff\":\"Montserrat\",\"fv\":\"normal\",\"td\":\"none\",\"cs\":\"0pt\",\"fw\":\"bold\",\"fgc\":\"rgb(0, 0, 0)\",\"size\":\"12.00\",\"va\":\"baseline\",\"type\":\"text\",\"fs\":\"normal\",\"bgc\":\"rgb(255, 255, 255)\"}\" data-margin-left=\"0.5in\" data-text-indent=\"-0.25in\" data-margin-bottom=\"0pt\" data-line-height=\"1.2\" data-list-id=\"13930995\" data-list-info=\"{\"id\":13930995,\"l\":0}\">Pers\u00e9inlech Donn\u00e9e\u00ebn: Identit\u00e9it, Identifikatiounsdaten = Familljennumm, Virnumm, geographesch Adress, E-Mailadress<\/p>\n<\/li>\n<li>\n<p class=\"zw-list zw-paragraph heading0\" data-header=\"0\" data-textformat=\"{\"fgc\":\"rgb(0, 0, 0)\",\"size\":\"10.80\",\"type\":\"text\"}\" data-margin-left=\"0.5in\" data-text-indent=\"-0.25in\" data-margin-bottom=\"0pt\" data-hd-info=\"0\" data-line-height=\"1.2\" data-list-id=\"13930995\" data-list-info=\"{\"id\":13930995,\"l\":0}\">Pers\u00e9inlech Donn\u00e9e\u00ebn: Wirtschaftlech Informatiounen = Bankdaten<\/p>\n<\/li>\n<li>\n<p class=\"zw-list zw-paragraph heading0\" data-header=\"0\" data-textformat=\"{\"fgc\":\"rgb(0, 0, 0)\",\"size\":\"10.80\",\"type\":\"text\"}\" data-margin-left=\"0.5in\" data-text-indent=\"-0.25in\" data-margin-bottom=\"0pt\" data-hd-info=\"0\" data-line-height=\"1.2\" data-list-id=\"13930995\" data-list-info=\"{\"id\":13930995,\"l\":0}\">Pers\u00e9inlech Donn\u00e9e\u00ebn: Verbindungsdaten = IP Adress<\/p>\n<\/li>\n<li>\n<p class=\"zw-list zw-paragraph heading0\" data-header=\"0\" data-textformat=\"{\"fgc\":\"rgb(0, 0, 0)\",\"size\":\"10.80\",\"type\":\"text\"}\" data-margin-left=\"0.5in\" data-text-indent=\"-0.25in\" data-margin-bottom=\"0pt\" data-hd-info=\"0\" data-line-height=\"1.2\" data-list-id=\"13930995\" data-list-info=\"{\"id\":13930995,\"l\":0}\">Pers\u00e9inlech Donn\u00e9e\u00ebn: Standortdaten = Handysnummer<\/p>\n<\/li>\n<\/ul>\n<p class=\"zw-paragraph heading0\" data-header=\"0\" data-textformat=\"{\"ff\":\"Montserrat\",\"fgc\":\"rgb(0, 0, 0)\",\"size\":\"10.80\",\"va\":\"baseline\",\"fw_i\":400,\"type\":\"text\"}\" data-margin-bottom=\"10.8pt\" data-hd-info=\"0\" data-line-height=\"1.2\"><span class=\"EOP\"> <\/span><\/p>\n<p class=\"zw-paragraph heading0\" data-header=\"0\" data-textformat=\"{\"type\":\"text\"}\" data-margin-bottom=\"0pt\" data-hd-info=\"0\" data-line-height=\"1.2\">Donn\u00e9e\u00eb gi gesammelt wann Dir um Site <a href=\"https:\/\/www.ecomlux.lu\/\">ecomlux.lu<\/a> navig\u00e9iert:<\/p>\n<ul data-list-id=\"49475345\" data-list-format=\"{\"level5\":{\"type\":8,\"startsWith\":1},\"level4\":{\"type\":7,\"startsWith\":1},\"level7\":{\"type\":7,\"startsWith\":1},\"level6\":{\"type\":6,\"startsWith\":1},\"level8\":{\"type\":8,\"startsWith\":1},\"level1\":{\"type\":7,\"startsWith\":1},\"level0\":{\"type\":6,\"startsWith\":1},\"level3\":{\"type\":6,\"startsWith\":1},\"level2\":{\"type\":8,\"startsWith\":1}}\" data-spl-bullet-format=\"{}\">\n<li>\n<p class=\"zw-list zw-paragraph heading0\" data-header=\"0\" data-textformat=\"{\"fgc\":\"rgb(0, 0, 0)\",\"size\":\"12.00\",\"type\":\"text\"}\" data-margin-left=\"0.5in\" data-text-indent=\"-0.25in\" data-margin-bottom=\"0pt\" data-hd-info=\"0\" data-line-height=\"1.2\" data-list-id=\"49475345\" data-list-info=\"{\"id\":\"49475345\",\"l\":0}\">\u00c4r Applikatiouns- oder Terminal-ID's (Cookies),<\/p>\n<\/li>\n<li>\n<p class=\"zw-list zw-paragraph heading0\" data-header=\"0\" data-textformat=\"{\"fgc\":\"rgb(0, 0, 0)\",\"size\":\"12.00\",\"type\":\"text\"}\" data-margin-left=\"0.5in\" data-text-indent=\"-0.25in\" data-margin-bottom=\"0pt\" data-hd-info=\"0\" data-line-height=\"1.2\" data-list-id=\"49475345\" data-list-info=\"{\"id\":\"49475345\",\"l\":0}\">Informatiounen iwwer \u00c4r urspr\u00e9nglech URLen,<\/p>\n<\/li>\n<\/ul>\n<ul>\n<li>\n<p class=\"zw-list zw-paragraph heading0\" data-header=\"0\" data-textformat=\"{\"fgc\":\"rgb(0, 0, 0)\",\"size\":\"12.00\",\"type\":\"text\"}\" data-margin-left=\"0.5in\" data-text-indent=\"-0.25in\" data-margin-bottom=\"0pt\" data-hd-info=\"0\" data-line-height=\"1.2\" data-list-id=\"40944549\" data-list-info=\"{\"id\":\"40944549\",\"l\":0}\">\u00c4r IP-Adress,<\/p>\n<\/li>\n<li>\n<p class=\"zw-list zw-paragraph heading0\" data-header=\"0\" data-textformat=\"{\"fgc\":\"rgb(0, 0, 0)\",\"size\":\"12.00\",\"type\":\"text\"}\" data-margin-left=\"0.5in\" data-text-indent=\"-0.25in\" data-margin-bottom=\"0pt\" data-hd-info=\"0\" data-line-height=\"1.2\" data-list-id=\"40944549\" data-list-info=\"{\"id\":\"40944549\",\"l\":0}\">d'Charakteristike vun de Ger\u00e4ter d\u00e9i Dir benotzt fir Zougang zu eise Servicer ze kr\u00e9ien (Ger\u00e4t, Aart vum Betribssystem, Browser a Versioun, benotzte Sprooch), <\/p>\n<\/li>\n<li>d'Zort vun der Netzwierkverbindung d\u00e9i Dir benotzt (Wi-Fi, 4G, Bluetooth, etc.).<\/li>\n<\/ul>\n\t\t\t\t\t<\/div>\n\t\t\t\t<\/div>\n\t\t\t\t\t\t\t<div class=\"pp-accordion-item\">\n\t\t\t\t\t\t\t\t\t\t<div id=\"pp-accordion-tab-title-1903\" class=\"pp-accordion-tab-title\" tabindex=\"0\" data-tab=\"3\" role=\"tab\" aria-controls=\"pp-accordion-tab-content-1903\" aria-expanded=\"false\">\n\t\t\t\t\t\t<span class=\"pp-accordion-title-icon\">\n\t\t\t\t\t\t\t\t\t\t\t\t\t\t<span class=\"pp-accordion-title-text\">\n\t\t\t\t\t\t\t\tW\u00e9i laang halt Dir meng Donn\u00e9e\u00ebn?\t\t\t\t\t\t\t<\/span>\n\t\t\t\t\t\t<\/span>\n\t\t\t\t\t\t\t\t\t\t\t\t\t<div class=\"pp-accordion-toggle-icon\">\n\t\t\t\t\t\t\t\t\t\t\t\t\t\t\t\t\t<span class='pp-accordion-toggle-icon-close pp-icon'>\n\t\t\t\t\t\t\t\t\t\t<i aria-hidden=\"true\" class=\"fas fa-plus\"><\/i>\t\t\t\t\t\t\t\t\t<\/span>\n\t\t\t\t\t\t\t\t\t\t\t\t\t\t\t\t\t\t\t\t\t\t\t\t\t<span class='pp-accordion-toggle-icon-open pp-icon'>\n\t\t\t\t\t\t\t\t\t\t<i aria-hidden=\"true\" class=\"fas fa-minus\"><\/i>\t\t\t\t\t\t\t\t\t<\/span>\n\t\t\t\t\t\t\t\t\t\t\t\t\t\t\t<\/div>\n\t\t\t\t\t\t\t\t\t\t\t<\/div>\n\n\t\t\t\t\t<div id=\"pp-accordion-tab-content-1903\" class=\"pp-accordion-tab-content\" data-tab=\"3\" role=\"tabpanel\" aria-labelledby=\"pp-accordion-tab-title-1903\">\n\t\t\t\t\t\t<p class=\"zw-paragraph\" data-textformat=\"{\"type\":\"text\"}\" data-margin-left=\"0in\" data-text-indent=\"0in\" data-margin-bottom=\"0pt\" data-line-height=\"1.2\" data-doc-id=\"3314998000000238150\" data-doc-type=\"writer\">Wei laang mir \u00c4r Donn\u00e9e\u00eb conserv\u00e9ieren h\u00e4nkt vun der Aart vun den Donn\u00e9e\u00ebn of:<\/p>\n<ul>\n<li>\n<p class=\"zw-list zw-paragraph\" data-textformat=\"{\"type\":\"text\"}\" data-margin-left=\"0.5in\" data-text-indent=\"-0.25in\" data-margin-bottom=\"0pt\" data-line-height=\"1.2\" data-list-id=\"21444106\" data-list-info=\"{\"id\":21444106,\"l\":0}\">Donn\u00e9e\u00ebn d\u00e9i fir d'Gestioun vu Bestellungen a de Rechnungen n\u00e9ideg sinn: W\u00e4rend der gesamter Zeit vun der Gesch\u00e4ftsrelatioun an z\u00e9ng (10) Joer op Grond vu Comptabiliteitsobligatiounen.<\/p>\n<\/li>\n<li>\n<p class=\"zw-list zw-paragraph\" data-textformat=\"{\"type\":\"text\"}\" data-margin-left=\"0.5in\" data-text-indent=\"-0.25in\" data-margin-bottom=\"0pt\" data-line-height=\"1.2\" data-list-id=\"21444106\" data-list-info=\"{\"id\":21444106,\"l\":0}\">Donn\u00e9e\u00ebn iwwer d'Bezuelungsm\u00ebttel: D\u00ebs Donn\u00e9e\u00eb ginn net vun der Firma ECOM LUX S.\u00e0r.l. gesp\u00e4ichert, si gi w\u00e4rend der Transaktioun gesammelt a ginn direkt nom Bezuele vun engem Kaf gel\u00e4scht.<\/p>\n<\/li>\n<li>Pers\u00e9inlech Donn\u00e9e\u00ebn: D\u00ebs Donn\u00e9e\u00eb ginn er\u00e9ischt no 3 Joer gel\u00e4scht. <\/li>\n<\/ul>\n\t\t\t\t\t<\/div>\n\t\t\t\t<\/div>\n\t\t\t\t\t\t\t<div class=\"pp-accordion-item\">\n\t\t\t\t\t\t\t\t\t\t<div id=\"pp-accordion-tab-title-1904\" class=\"pp-accordion-tab-title\" tabindex=\"0\" data-tab=\"4\" role=\"tab\" aria-controls=\"pp-accordion-tab-content-1904\" aria-expanded=\"false\">\n\t\t\t\t\t\t<span class=\"pp-accordion-title-icon\">\n\t\t\t\t\t\t\t\t\t\t\t\t\t\t<span class=\"pp-accordion-title-text\">\n\t\t\t\t\t\t\t\tWien sinn d'Empf\u00e4nger vu mengen Donn\u00e9e\u00ebn? \t\t\t\t\t\t\t<\/span>\n\t\t\t\t\t\t<\/span>\n\t\t\t\t\t\t\t\t\t\t\t\t\t<div class=\"pp-accordion-toggle-icon\">\n\t\t\t\t\t\t\t\t\t\t\t\t\t\t\t\t\t<span class='pp-accordion-toggle-icon-close pp-icon'>\n\t\t\t\t\t\t\t\t\t\t<i aria-hidden=\"true\" class=\"fas fa-plus\"><\/i>\t\t\t\t\t\t\t\t\t<\/span>\n\t\t\t\t\t\t\t\t\t\t\t\t\t\t\t\t\t\t\t\t\t\t\t\t\t<span class='pp-accordion-toggle-icon-open pp-icon'>\n\t\t\t\t\t\t\t\t\t\t<i aria-hidden=\"true\" class=\"fas fa-minus\"><\/i>\t\t\t\t\t\t\t\t\t<\/span>\n\t\t\t\t\t\t\t\t\t\t\t\t\t\t\t<\/div>\n\t\t\t\t\t\t\t\t\t\t\t<\/div>\n\n\t\t\t\t\t<div id=\"pp-accordion-tab-content-1904\" class=\"pp-accordion-tab-content\" data-tab=\"4\" role=\"tabpanel\" aria-labelledby=\"pp-accordion-tab-title-1904\">\n\t\t\t\t\t\t<p class=\"zw-paragraph\" data-textformat=\"{\"type\":\"text\"}\" data-margin-bottom=\"0pt\" data-line-height=\"1.2\" data-doc-id=\"3314998000000238150\" data-doc-type=\"writer\">D'Empf\u00e4nger sinn d\u00e9i Leit d\u00e9i opgrond vun hirer Aarbecht, autoris\u00e9iert sinn \u00c4r Donn\u00e9e\u00ebn ze kr\u00e9ien. <\/p>\n<p class=\"zw-paragraph\" data-textformat=\"{\"type\":\"text\"}\" data-margin-bottom=\"0pt\" data-line-height=\"1.2\">Am Kader vun eisen Aktivit\u00e9iten, d\u2019Servicer, d\u2019Facturatioun vun der Firma ECOM LUX S.\u00e0r.l. Empf\u00e4nger vun alle Kategori\u00eb vun Donn\u00e9e\u00ebn.<\/p>\n<p class=\"zw-paragraph\" data-margin-bottom=\"0pt\" data-line-height=\"1.2\">D'\u00cbnnertraiteuren vun der Firma sinn d'Empf\u00e4nger vun der Identit\u00e9it, Adress an Telefonsnummer vun eise Clienten.<\/p>\n<p class=\"zw-paragraph\" data-textformat=\"{\"type\":\"text\"}\" data-margin-bottom=\"0pt\" data-line-height=\"1.2\">Mir verkafen, verlounen oder ver\u00ebffentlechen \u00c4r pers\u00e9inlech Donn\u00e9e\u00ebn net un Dr\u00ebtter ausser a follgende F\u00e4ll:<\/p>\n<ul>\n<li>\n<p class=\"zw-list zw-paragraph\" data-textformat=\"{\"type\":\"text\"}\" data-margin-left=\"0.5in\" data-text-indent=\"-0.25in\" data-margin-bottom=\"0pt\" data-line-height=\"1.2\" data-list-id=\"69890291\" data-list-info=\"{\"id\":69890291,\"l\":0}\">Wann mir \u00c4r explizit Zoust\u00ebmmung hunn \u00c4r Donn\u00e9e\u00ebn ze deelen.<\/p>\n<\/li>\n<li>\n<p class=\"zw-list zw-paragraph\" data-textformat=\"{\"type\":\"text\"}\" data-margin-left=\"0.5in\" data-text-indent=\"-0.25in\" data-margin-bottom=\"0pt\" data-line-height=\"1.2\" data-list-id=\"69890291\" data-list-info=\"{\"id\":69890291,\"l\":0}\">Wann mir \u00c4r Donn\u00e9e\u00eb mat eise vertrauensw\u00fcrdege Partner mussen deele fir d\u00e9i Servicer ze bidden d\u00e9i Dir ugefrot hutt.<\/p>\n<\/li>\n<li>\n<p class=\"zw-list zw-paragraph\" data-textformat=\"{\"type\":\"text\"}\" data-margin-left=\"0.5in\" data-text-indent=\"-0.25in\" data-margin-bottom=\"0pt\" data-line-height=\"1.2\" data-list-id=\"69890291\" data-list-info=\"{\"id\":69890291,\"l\":0}\">Wann dat gesetzlech, duerch eng Geriichtsunuerdnung oder anere juristesche Prozess virgeschriwwen ass.<\/p>\n<\/li>\n<li>Wa mir am gudde Glawen dovun ausginn datt d'Offenbarung noutwendeg ass fir eis Rechter, \u00c4r S\u00e9cherheet oder d'S\u00e9cherheet vun aneren ze sch\u00fctzen, e Bedruch z'\u00ebnnersichen oder op eng Regierungsufro ze reag\u00e9ieren.<\/li>\n<\/ul>\n\t\t\t\t\t<\/div>\n\t\t\t\t<\/div>\n\t\t\t\t\t\t\t<div class=\"pp-accordion-item\">\n\t\t\t\t\t\t\t\t\t\t<div id=\"pp-accordion-tab-title-1905\" class=\"pp-accordion-tab-title\" tabindex=\"0\" data-tab=\"5\" role=\"tab\" aria-controls=\"pp-accordion-tab-content-1905\" aria-expanded=\"false\">\n\t\t\t\t\t\t<span class=\"pp-accordion-title-icon\">\n\t\t\t\t\t\t\t\t\t\t\t\t\t\t<span class=\"pp-accordion-title-text\">\n\t\t\t\t\t\t\t\tLinks op Webs\u00e4ite vun Dr\u00ebtten a Verbindung zu sozialen Netzwierker\t\t\t\t\t\t\t<\/span>\n\t\t\t\t\t\t<\/span>\n\t\t\t\t\t\t\t\t\t\t\t\t\t<div class=\"pp-accordion-toggle-icon\">\n\t\t\t\t\t\t\t\t\t\t\t\t\t\t\t\t\t<span class='pp-accordion-toggle-icon-close pp-icon'>\n\t\t\t\t\t\t\t\t\t\t<i aria-hidden=\"true\" class=\"fas fa-plus\"><\/i>\t\t\t\t\t\t\t\t\t<\/span>\n\t\t\t\t\t\t\t\t\t\t\t\t\t\t\t\t\t\t\t\t\t\t\t\t\t<span class='pp-accordion-toggle-icon-open pp-icon'>\n\t\t\t\t\t\t\t\t\t\t<i aria-hidden=\"true\" class=\"fas fa-minus\"><\/i>\t\t\t\t\t\t\t\t\t<\/span>\n\t\t\t\t\t\t\t\t\t\t\t\t\t\t\t<\/div>\n\t\t\t\t\t\t\t\t\t\t\t<\/div>\n\n\t\t\t\t\t<div id=\"pp-accordion-tab-content-1905\" class=\"pp-accordion-tab-content\" data-tab=\"5\" role=\"tabpanel\" aria-labelledby=\"pp-accordion-tab-title-1905\">\n\t\t\t\t\t\t<p class=\"zw-paragraph heading0\" data-header=\"0\" data-textformat=\"{\"fgc\":\"rgb(0, 0, 0)\",\"size\":\"12.00\",\"type\":\"text\"}\" data-margin-bottom=\"0pt\" data-hd-info=\"0\" data-line-height=\"1.2\" data-doc-id=\"3314998000000238150\" data-doc-type=\"writer\">Eis Webs\u00e4it ka Links op Dr\u00ebtt Webs\u00e4iten enthalen. Not\u00e9iert w.e.g datt mir net verantwortlech si fir d'Privatsph\u00e4r vun d\u00ebsen Webs\u00e4iten. Mir empfeelen Iech d'Privatsph\u00e4r Politik vun d\u00ebsen Webs\u00e4iten ze liesen ier Dir \u00c4r pers\u00e9inlech Donn\u00e9e\u00ebn ugitt.<\/p>\n<p>Mir k\u00ebnnen Iech och d'M\u00e9iglechkeet bidden Iech iwwer \u00c4r sozial Netzwierker ze verbannen. Wann Dir decid\u00e9iert sidd d\u00ebst ze maachen, not\u00e9iert w.e.g. datt Dir eis \u00c4r Profilinformatiounen zur Verf\u00fcgung stellt, bas\u00e9iert op de Privatsph\u00e4r Astellungen, d\u00e9i op de sozialen Netzwierkplattformen fest geluecht gutt. Mir empfeelen Iech d'Privatsph\u00e4r Politik vun der zoust\u00e4nneger Social Media Plattform ze iwwerpr\u00e9iwe fir ze verstoe w\u00e9i \u00c4r Donn\u00e9e\u00ebn an d\u00ebsem Kontext gedeelt a benotzt ginn.<\/p>\n\t\t\t\t\t<\/div>\n\t\t\t\t<\/div>\n\t\t\t\t\t\t\t<div class=\"pp-accordion-item\">\n\t\t\t\t\t\t\t\t\t\t<div id=\"pp-accordion-tab-title-1906\" class=\"pp-accordion-tab-title\" tabindex=\"0\" data-tab=\"6\" role=\"tab\" aria-controls=\"pp-accordion-tab-content-1906\" aria-expanded=\"false\">\n\t\t\t\t\t\t<span class=\"pp-accordion-title-icon\">\n\t\t\t\t\t\t\t\t\t\t\t\t\t\t<span class=\"pp-accordion-title-text\">\n\t\t\t\t\t\t\t\tSozial Netzwierker a Benotzer-gener\u00e9ierte Contenu\t\t\t\t\t\t\t<\/span>\n\t\t\t\t\t\t<\/span>\n\t\t\t\t\t\t\t\t\t\t\t\t\t<div class=\"pp-accordion-toggle-icon\">\n\t\t\t\t\t\t\t\t\t\t\t\t\t\t\t\t\t<span class='pp-accordion-toggle-icon-close pp-icon'>\n\t\t\t\t\t\t\t\t\t\t<i aria-hidden=\"true\" class=\"fas fa-plus\"><\/i>\t\t\t\t\t\t\t\t\t<\/span>\n\t\t\t\t\t\t\t\t\t\t\t\t\t\t\t\t\t\t\t\t\t\t\t\t\t<span class='pp-accordion-toggle-icon-open pp-icon'>\n\t\t\t\t\t\t\t\t\t\t<i aria-hidden=\"true\" class=\"fas fa-minus\"><\/i>\t\t\t\t\t\t\t\t\t<\/span>\n\t\t\t\t\t\t\t\t\t\t\t\t\t\t\t<\/div>\n\t\t\t\t\t\t\t\t\t\t\t<\/div>\n\n\t\t\t\t\t<div id=\"pp-accordion-tab-content-1906\" class=\"pp-accordion-tab-content\" data-tab=\"6\" role=\"tabpanel\" aria-labelledby=\"pp-accordion-tab-title-1906\">\n\t\t\t\t\t\t<p><span data-doc-id=\"3314998000000238150\" data-doc-type=\"writer\">Not\u00e9iert w.e.g. datt all Inhalt, deen Dir op de sozialen Netzwierker deelt, \u00ebffentlech verf\u00fcgbar ass. Dofir empfeele mir Iech virsiichteg ze si wann Dir sensibel pers\u00e9inlech Informatioune w\u00e9i Finanzdaten oder eng Adress ugitt. Mir sinn net verantwortlech fir Handlunge vun Dr\u00ebtten, wann Dir pers\u00e9inlech Donn\u00e9e\u00ebn op engem vun eise sozialen Netzwierker ver\u00ebffentlecht, a mir roden Iech sou eng Informatiounen net weider ze ginn.<\/span><\/p>\n\t\t\t\t\t<\/div>\n\t\t\t\t<\/div>\n\t\t\t\t\t\t\t<div class=\"pp-accordion-item\">\n\t\t\t\t\t\t\t\t\t\t<div id=\"pp-accordion-tab-title-1907\" class=\"pp-accordion-tab-title\" tabindex=\"0\" data-tab=\"7\" role=\"tab\" aria-controls=\"pp-accordion-tab-content-1907\" aria-expanded=\"false\">\n\t\t\t\t\t\t<span class=\"pp-accordion-title-icon\">\n\t\t\t\t\t\t\t\t\t\t\t\t\t\t<span class=\"pp-accordion-title-text\">\n\t\t\t\t\t\t\t\tWat si meng Rechter? \t\t\t\t\t\t\t<\/span>\n\t\t\t\t\t\t<\/span>\n\t\t\t\t\t\t\t\t\t\t\t\t\t<div class=\"pp-accordion-toggle-icon\">\n\t\t\t\t\t\t\t\t\t\t\t\t\t\t\t\t\t<span class='pp-accordion-toggle-icon-close pp-icon'>\n\t\t\t\t\t\t\t\t\t\t<i aria-hidden=\"true\" class=\"fas fa-plus\"><\/i>\t\t\t\t\t\t\t\t\t<\/span>\n\t\t\t\t\t\t\t\t\t\t\t\t\t\t\t\t\t\t\t\t\t\t\t\t\t<span class='pp-accordion-toggle-icon-open pp-icon'>\n\t\t\t\t\t\t\t\t\t\t<i aria-hidden=\"true\" class=\"fas fa-minus\"><\/i>\t\t\t\t\t\t\t\t\t<\/span>\n\t\t\t\t\t\t\t\t\t\t\t\t\t\t\t<\/div>\n\t\t\t\t\t\t\t\t\t\t\t<\/div>\n\n\t\t\t\t\t<div id=\"pp-accordion-tab-content-1907\" class=\"pp-accordion-tab-content\" data-tab=\"7\" role=\"tabpanel\" aria-labelledby=\"pp-accordion-tab-title-1907\">\n\t\t\t\t\t\t<p class=\"zw-paragraph\" data-textformat=\"{\"type\":\"text\"}\" data-margin-bottom=\"0pt\" data-line-height=\"1.2\" data-doc-id=\"3314998000000238150\" data-doc-type=\"writer\">Am Aklang mat den allgemenge Reglementer betreffend dem Schutz vu pers\u00e9inlechen Donn\u00e9e\u00ebn (GDPR), hutt Dir d\u00e9i follgend Rechter:<\/p>\n<ul data-list-id=\"28005312\" data-list-format=\"{\"level0\":{\"type\":6,\"startsWith\":1},\"level1\":{\"type\":7,\"startsWith\":1},\"level2\":{\"type\":8,\"startsWith\":1},\"level3\":{\"type\":6,\"startsWith\":1},\"level4\":{\"type\":7,\"startsWith\":1},\"level5\":{\"type\":8,\"startsWith\":1},\"level6\":{\"type\":6,\"startsWith\":1},\"level7\":{\"type\":7,\"startsWith\":1},\"level8\":{\"type\":8,\"startsWith\":1}}\" data-spl-bullet-format=\"{}\">\n<li>\n<p class=\"zw-list zw-paragraph\" data-textformat=\"{\"type\":\"text\"}\" data-margin-left=\"0.5in\" data-text-indent=\"-0.25in\" data-margin-bottom=\"0pt\" data-line-height=\"1.2\" data-list-id=\"28005312\" data-list-info=\"{\"id\":28005312,\"l\":0}\">Recht op Zougang (<a href=\"https:\/\/www.cnil.fr\/fr\/reglement-europeen-protection-donnees\/chapitre3#Article15\">Artikel 15 GDPR<\/a>), Rektifikatioun (<a href=\"https:\/\/www.cnil.fr\/fr\/reglement-europeen-protection-donnees\/chapitre3#Article16\">Artikel 16 GDPR<\/a>), Aktualis\u00e9ierung, Vollst\u00e4nnegkeet vun \u00c4ren Donn\u00e9e\u00ebn<\/p>\n<\/li>\n<li>\n<p class=\"zw-list zw-paragraph\" data-textformat=\"{\"type\":\"text\"}\" data-margin-left=\"0.5in\" data-text-indent=\"-0.25in\" data-margin-bottom=\"0pt\" data-line-height=\"1.2\" data-list-id=\"28005312\" data-list-info=\"{\"id\":28005312,\"l\":0}\">d'Recht \u00c4r pers\u00e9inlech Donn\u00e9e\u00ebn ze block\u00e9ieren oder ze l\u00e4schen (<a href=\"https:\/\/www.cnil.fr\/fr\/reglement-europeen-protection-donnees\/chapitre3#Article17\">Artikel 17 GDPR<\/a>), wann se falsch, onkomplett, equivocal, net aktuell sinn, oder hir Sammlung, Notzung, Kommunikatioun oder Retentioun verbueden ass<\/p>\n<\/li>\n<li>\n<p class=\"zw-list zw-paragraph\" data-textformat=\"{\"type\":\"text\"}\" data-margin-left=\"0.5in\" data-text-indent=\"-0.25in\" data-margin-bottom=\"0pt\" data-line-height=\"1.2\" data-list-id=\"28005312\" data-list-info=\"{\"id\":28005312,\"l\":0}\">Recht fir d'Veraarbechtung vun \u00c4ren Donn\u00e9e\u00ebn ze limit\u00e9ieren (<a href=\"https:\/\/www.cnil.fr\/fr\/reglement-europeen-protection-donnees\/chapitre3#Article18\">Artikel 18 GDPR<\/a>)<\/p>\n<\/li>\n<li>\n<p class=\"zw-list zw-paragraph\" data-textformat=\"{\"type\":\"text\"}\" data-margin-left=\"0.5in\" data-text-indent=\"-0.25in\" data-margin-bottom=\"0pt\" data-line-height=\"1.2\" data-list-id=\"28005312\" data-list-info=\"{\"id\":28005312,\"l\":0}\">Recht op Widdersproch g\u00e9int d'Veraarbechtung vun \u00c4ren Donn\u00e9e\u00ebn (<a href=\"https:\/\/www.cnil.fr\/fr\/reglement-europeen-protection-donnees\/chapitre3#Article21\">Artikel 21 GDPR<\/a>)<\/p>\n<\/li>\n<li>\n<p class=\"zw-list zw-paragraph\" data-textformat=\"{\"type\":\"text\"}\" data-margin-left=\"0.5in\" data-text-indent=\"-0.25in\" data-margin-bottom=\"0pt\" data-line-height=\"1.2\" data-list-id=\"28005312\" data-list-info=\"{\"id\":28005312,\"l\":0}\">Recht op Portabilit\u00e9it vun \u00c4ren Donn\u00e9e\u00ebn, wann \u00c4r Donn\u00e9e\u00ebn e G\u00e9igestand vun enger automatis\u00e9ierter Veraarbechtung sinn, d\u00e9i op \u00c4rer Zoust\u00ebmmung oder op engem Kontrakt bas\u00e9iert (<a href=\"https:\/\/www.cnil.fr\/fr\/reglement-europeen-protection-donnees\/chapitre3#Article20\">Artikel 20 GDPR<\/a>)<\/p>\n<\/li>\n<\/ul>\n<p>D\u00ebs Rechter k\u00ebnnen n\u00ebmme bannent de Grenze vun all kontraktuellen oder gesetzleche Verpflichtung ausge\u00fcbt ginn. All Notzer huet d'Recht eng Plainte bei der L\u00ebtzebuerger Opsiichtsautorit\u00e9it, la Commission nationale pour la protection des donn\u00e9es ze maachen: <a href=\"https:\/\/cnpd.public.lu\/fr.html\">https:\/\/cnpd.public.lu\/fr.html<\/a><\/p>\n\t\t\t\t\t<\/div>\n\t\t\t\t<\/div>\n\t\t\t\t\t\t\t<div class=\"pp-accordion-item\">\n\t\t\t\t\t\t\t\t\t\t<div id=\"pp-accordion-tab-title-1908\" class=\"pp-accordion-tab-title\" tabindex=\"0\" data-tab=\"8\" role=\"tab\" aria-controls=\"pp-accordion-tab-content-1908\" aria-expanded=\"false\">\n\t\t\t\t\t\t<span class=\"pp-accordion-title-icon\">\n\t\t\t\t\t\t\t\t\t\t\t\t\t\t<span class=\"pp-accordion-title-text\">\n\t\t\t\t\t\t\t\tW\u00e9i kann ech meng Rechter op Bezuch zu mengen Donn\u00e9e\u00ebn aus\u00fcben? \t\t\t\t\t\t\t<\/span>\n\t\t\t\t\t\t<\/span>\n\t\t\t\t\t\t\t\t\t\t\t\t\t<div class=\"pp-accordion-toggle-icon\">\n\t\t\t\t\t\t\t\t\t\t\t\t\t\t\t\t\t<span class='pp-accordion-toggle-icon-close pp-icon'>\n\t\t\t\t\t\t\t\t\t\t<i aria-hidden=\"true\" class=\"fas fa-plus\"><\/i>\t\t\t\t\t\t\t\t\t<\/span>\n\t\t\t\t\t\t\t\t\t\t\t\t\t\t\t\t\t\t\t\t\t\t\t\t\t<span class='pp-accordion-toggle-icon-open pp-icon'>\n\t\t\t\t\t\t\t\t\t\t<i aria-hidden=\"true\" class=\"fas fa-minus\"><\/i>\t\t\t\t\t\t\t\t\t<\/span>\n\t\t\t\t\t\t\t\t\t\t\t\t\t\t\t<\/div>\n\t\t\t\t\t\t\t\t\t\t\t<\/div>\n\n\t\t\t\t\t<div id=\"pp-accordion-tab-content-1908\" class=\"pp-accordion-tab-content\" data-tab=\"8\" role=\"tabpanel\" aria-labelledby=\"pp-accordion-tab-title-1908\">\n\t\t\t\t\t\t<p><span data-doc-id=\"3314998000000238150\" data-doc-type=\"writer\">Dir k\u00ebnnt \u00c4r aner Rechter per E-Mail aus\u00fcben, andeems Dir d'recht wat Dir aus\u00fcbe w\u00ebllt am Betreff vun \u00c4rer E-Mail ugitt:<\/span> <a href=\"mailto:info@ecomlux.lu\">info@ecomlux.lu<\/a> Zougang, Portabilit\u00e9it, Aschr\u00e4nkung, Oppositioun aus Gr\u00ebnn, d\u00e9i sech zu \u00c4rer best\u00ebmmter Situatioun aginn. D'Aus\u00fcbe vun \u00c4re Rechter vun Zougang a Portabilit\u00e9it erfuerdert datt d'Donn\u00e9e\u00ebn, fir d\u00e9i Dir \u00c4r Rechter aus\u00fcbt, mat der E-Mailadress verbonnen si fir d\u00e9i Dir \u00c4r Ufro gemaach hutt. Eng \u00c4ntwert g\u00ebtt Iech da bannent 1 Mount nom Empfang vun \u00c4rer Demande gesch\u00e9ckt.<\/p>\n\t\t\t\t\t<\/div>\n\t\t\t\t<\/div>\n\t\t\t\t\t\t\t<div class=\"pp-accordion-item\">\n\t\t\t\t\t\t\t\t\t\t<div id=\"pp-accordion-tab-title-1909\" class=\"pp-accordion-tab-title\" tabindex=\"0\" data-tab=\"9\" role=\"tab\" aria-controls=\"pp-accordion-tab-content-1909\" aria-expanded=\"false\">\n\t\t\t\t\t\t<span class=\"pp-accordion-title-icon\">\n\t\t\t\t\t\t\t\t\t\t\t\t\t\t<span class=\"pp-accordion-title-text\">\n\t\t\t\t\t\t\t\t\u00c4nnerung vun d\u00ebser Politik\t\t\t\t\t\t\t<\/span>\n\t\t\t\t\t\t<\/span>\n\t\t\t\t\t\t\t\t\t\t\t\t\t<div class=\"pp-accordion-toggle-icon\">\n\t\t\t\t\t\t\t\t\t\t\t\t\t\t\t\t\t<span class='pp-accordion-toggle-icon-close pp-icon'>\n\t\t\t\t\t\t\t\t\t\t<i aria-hidden=\"true\" class=\"fas fa-plus\"><\/i>\t\t\t\t\t\t\t\t\t<\/span>\n\t\t\t\t\t\t\t\t\t\t\t\t\t\t\t\t\t\t\t\t\t\t\t\t\t<span class='pp-accordion-toggle-icon-open pp-icon'>\n\t\t\t\t\t\t\t\t\t\t<i aria-hidden=\"true\" class=\"fas fa-minus\"><\/i>\t\t\t\t\t\t\t\t\t<\/span>\n\t\t\t\t\t\t\t\t\t\t\t\t\t\t\t<\/div>\n\t\t\t\t\t\t\t\t\t\t\t<\/div>\n\n\t\t\t\t\t<div id=\"pp-accordion-tab-content-1909\" class=\"pp-accordion-tab-content\" data-tab=\"9\" role=\"tabpanel\" aria-labelledby=\"pp-accordion-tab-title-1909\">\n\t\t\t\t\t\t<p class=\"zw-paragraph\" data-textformat=\"{\"type\":\"text\"}\" data-margin-bottom=\"0pt\" data-line-height=\"1.2\" data-doc-id=\"3314998000000238150\" data-doc-type=\"writer\">ECOM LUX beh\u00e4lt sech d'Recht, seng Dateschutzpolitik zu all Moment am Aklang mam aktuelle Gesetz ze \u00e4nneren an ze aktualis\u00e9ieren.<\/p>\n\t\t\t\t\t<\/div>\n\t\t\t\t<\/div>\n\t\t\t\t\t\t\t<div class=\"pp-accordion-item\">\n\t\t\t\t\t\t\t\t\t\t<div id=\"pp-accordion-tab-title-19010\" class=\"pp-accordion-tab-title\" tabindex=\"0\" data-tab=\"10\" role=\"tab\" aria-controls=\"pp-accordion-tab-content-19010\" aria-expanded=\"false\">\n\t\t\t\t\t\t<span class=\"pp-accordion-title-icon\">\n\t\t\t\t\t\t\t\t\t\t\t\t\t\t<span class=\"pp-accordion-title-text\">\n\t\t\t\t\t\t\t\tKann ech zous\u00e4tzlech Informatiounen erhalen? H\u00ebllef kr\u00e9ien? \t\t\t\t\t\t\t<\/span>\n\t\t\t\t\t\t<\/span>\n\t\t\t\t\t\t\t\t\t\t\t\t\t<div class=\"pp-accordion-toggle-icon\">\n\t\t\t\t\t\t\t\t\t\t\t\t\t\t\t\t\t<span class='pp-accordion-toggle-icon-close pp-icon'>\n\t\t\t\t\t\t\t\t\t\t<i aria-hidden=\"true\" class=\"fas fa-plus\"><\/i>\t\t\t\t\t\t\t\t\t<\/span>\n\t\t\t\t\t\t\t\t\t\t\t\t\t\t\t\t\t\t\t\t\t\t\t\t\t<span class='pp-accordion-toggle-icon-open pp-icon'>\n\t\t\t\t\t\t\t\t\t\t<i aria-hidden=\"true\" class=\"fas fa-minus\"><\/i>\t\t\t\t\t\t\t\t\t<\/span>\n\t\t\t\t\t\t\t\t\t\t\t\t\t\t\t<\/div>\n\t\t\t\t\t\t\t\t\t\t\t<\/div>\n\n\t\t\t\t\t<div id=\"pp-accordion-tab-content-19010\" class=\"pp-accordion-tab-content\" data-tab=\"10\" role=\"tabpanel\" aria-labelledby=\"pp-accordion-tab-title-19010\">\n\t\t\t\t\t\t<p class=\"zw-paragraph\" data-margin-bottom=\"0pt\" data-line-height=\"1.2\" data-doc-id=\"3314998000000238150\" data-doc-type=\"writer\">Fir all Froen iwwert d'Veraarbechtung vun \u00c4ren Donn\u00e9e\u00eb vun der Firma ECOM LUX S.\u00e0r.l., kennt Dir Iech per E-Mail vertraulech mat eisem Responsabel vun eisem Dateschutz a Verbindung setzen: <a href=\"mailto:info@ecomlux.lu\">info@ecomlux.lu<\/a> <\/p>\n\t\t\t\t\t<\/div>\n\t\t\t\t<\/div>\n\t\t\t\t\t<\/div>\n\t\t\t\t\t\t<\/div>\n\t\t\t\t<\/div>\n\t\t\t\t\t<\/div>\n\t\t<\/div>\n\t\t\t\t\t<\/div>\n\t\t<\/section>\n\t\t\t\t<\/div>\n\t\t","protected":false},"excerpt":{"rendered":"<p>Privatsph\u00e4re Politik De Schutz vun \u00c4re pers\u00e9inlechen Informatiounen ass fir eis vu grousser Wichtegkeet. Mir verpflichten eis \u00c4r Privatsph\u00e4r ze respekt\u00e9ieren an d&#8217;Informatioun ze sch\u00fctzen d\u00e9i Dir eis gitt. D\u00ebs Dateschutzpolitik erkl\u00e4ert w\u00e9i mir \u00c4r pers\u00e9inlech Informatioune sammelen, benotzen, ver\u00ebffentlechen a sch\u00fctzen. Wien ass responsabel fir d&#8217;Veraarbechtung vu menger Donn\u00e9e\u00ebn? W\u00e9i eng Servicer si betraff? [&hellip;]<\/p>\n","protected":false},"author":2,"featured_media":0,"parent":0,"menu_order":0,"comment_status":"closed","ping_status":"closed","template":"","meta":{"inline_featured_image":false,"footnotes":""},"class_list":["post-25064","page","type-page","status-publish","hentry"],"yoast_head":"<!-- This site is optimized with the Yoast SEO plugin v26.1.1 - https:\/\/yoast.com\/wordpress\/plugins\/seo\/ -->\n<title>Privatsph\u00e4re Politik - ECOM LUX | Agence digitale<\/title>\n<meta name=\"robots\" content=\"index, follow, max-snippet:-1, max-image-preview:large, max-video-preview:-1\" \/>\n<link rel=\"canonical\" href=\"https:\/\/ecomlux.lu\/lu\/privatsphare-politik\/\" \/>\n<meta property=\"og:locale\" content=\"en_US\" \/>\n<meta property=\"og:type\" content=\"article\" \/>\n<meta property=\"og:title\" content=\"Privatsph\u00e4re Politik - ECOM LUX | Agence digitale\" \/>\n<meta property=\"og:description\" content=\"Privatsph\u00e4re Politik De Schutz vun \u00c4re pers\u00e9inlechen Informatiounen ass fir eis vu grousser Wichtegkeet. Mir verpflichten eis \u00c4r Privatsph\u00e4r ze respekt\u00e9ieren an d&#8217;Informatioun ze sch\u00fctzen d\u00e9i Dir eis gitt. D\u00ebs Dateschutzpolitik erkl\u00e4ert w\u00e9i mir \u00c4r pers\u00e9inlech Informatioune sammelen, benotzen, ver\u00ebffentlechen a sch\u00fctzen. Wien ass responsabel fir d&#8217;Veraarbechtung vu menger Donn\u00e9e\u00ebn? W\u00e9i eng Servicer si betraff? [&hellip;]\" \/>\n<meta property=\"og:url\" content=\"https:\/\/ecomlux.lu\/lu\/privatsphare-politik\/\" \/>\n<meta property=\"og:site_name\" content=\"ECOM LUX | Agence digitale\" \/>\n<meta property=\"article:publisher\" content=\"https:\/\/www.facebook.com\/ecomlux2020\" \/>\n<meta property=\"article:modified_time\" content=\"2024-04-23T15:17:01+00:00\" \/>\n<meta name=\"twitter:card\" content=\"summary_large_image\" \/>\n<meta name=\"twitter:label1\" content=\"Est. reading time\" \/>\n\t<meta name=\"twitter:data1\" content=\"6 minutes\" \/>\n<script type=\"application\/ld+json\" class=\"yoast-schema-graph\">{\"@context\":\"https:\/\/schema.org\",\"@graph\":[{\"@type\":\"WebPage\",\"@id\":\"https:\/\/ecomlux.lu\/lu\/privatsphare-politik\/\",\"url\":\"https:\/\/ecomlux.lu\/lu\/privatsphare-politik\/\",\"name\":\"Privatsph\u00e4re Politik - ECOM LUX | Agence digitale\",\"isPartOf\":{\"@id\":\"https:\/\/ecomlux.lu\/lu\/#website\"},\"datePublished\":\"2022-11-02T10:38:04+00:00\",\"dateModified\":\"2024-04-23T15:17:01+00:00\",\"breadcrumb\":{\"@id\":\"https:\/\/ecomlux.lu\/lu\/privatsphare-politik\/#breadcrumb\"},\"inLanguage\":\"lu-LU\",\"potentialAction\":[{\"@type\":\"ReadAction\",\"target\":[\"https:\/\/ecomlux.lu\/lu\/privatsphare-politik\/\"]}]},{\"@type\":\"BreadcrumbList\",\"@id\":\"https:\/\/ecomlux.lu\/lu\/privatsphare-politik\/#breadcrumb\",\"itemListElement\":[{\"@type\":\"ListItem\",\"position\":1,\"name\":\"Home\",\"item\":\"https:\/\/ecomlux.lu\/lu\/kommunikatiounsagence-zu-letzebuerg\/\"},{\"@type\":\"ListItem\",\"position\":2,\"name\":\"Privatsph\u00e4re Politik\"}]},{\"@type\":\"WebSite\",\"@id\":\"https:\/\/ecomlux.lu\/lu\/#website\",\"url\":\"https:\/\/ecomlux.lu\/lu\/\",\"name\":\"ECOM LUX | Agence de communication Luxembourg\",\"description\":\"Votre agence de communication 360\u00b0 | ECOM LUX\",\"publisher\":{\"@id\":\"https:\/\/ecomlux.lu\/lu\/#organization\"},\"potentialAction\":[{\"@type\":\"SearchAction\",\"target\":{\"@type\":\"EntryPoint\",\"urlTemplate\":\"https:\/\/ecomlux.lu\/lu\/?s={search_term_string}\"},\"query-input\":{\"@type\":\"PropertyValueSpecification\",\"valueRequired\":true,\"valueName\":\"search_term_string\"}}],\"inLanguage\":\"lu-LU\"},{\"@type\":\"Organization\",\"@id\":\"https:\/\/ecomlux.lu\/lu\/#organization\",\"name\":\"ECOM LUX | Votre vision, notre expertise\",\"url\":\"https:\/\/ecomlux.lu\/lu\/\",\"logo\":{\"@type\":\"ImageObject\",\"inLanguage\":\"lu-LU\",\"@id\":\"https:\/\/ecomlux.lu\/lu\/#\/schema\/logo\/image\/\",\"url\":\"https:\/\/ecomlux.lu\/wp-content\/uploads\/2022\/11\/logo-ecomlux-partenaire-digital-noir.webp?wsr\",\"contentUrl\":\"https:\/\/ecomlux.lu\/wp-content\/uploads\/2022\/11\/logo-ecomlux-partenaire-digital-noir.webp?wsr\",\"width\":600,\"height\":180,\"caption\":\"ECOM LUX | Votre vision, notre expertise\"},\"image\":{\"@id\":\"https:\/\/ecomlux.lu\/lu\/#\/schema\/logo\/image\/\"},\"sameAs\":[\"https:\/\/www.facebook.com\/ecomlux2020\",\"https:\/\/www.instagram.com\/ecom_lux\/\",\"https:\/\/www.linkedin.com\/company\/ecom-lux\/\",\"https:\/\/www.tiktok.com\/@ecom_lux\"]}]}<\/script>\n<!-- \/ Yoast SEO plugin. -->","yoast_head_json":{"title":"Privatsph\u00e4re Politik - ECOM LUX | Agence digitale","robots":{"index":"index","follow":"follow","max-snippet":"max-snippet:-1","max-image-preview":"max-image-preview:large","max-video-preview":"max-video-preview:-1"},"canonical":"https:\/\/ecomlux.lu\/lu\/privatsphare-politik\/","og_locale":"en_US","og_type":"article","og_title":"Privatsph\u00e4re Politik - ECOM LUX | Agence digitale","og_description":"Privatsph\u00e4re Politik De Schutz vun \u00c4re pers\u00e9inlechen Informatiounen ass fir eis vu grousser Wichtegkeet. Mir verpflichten eis \u00c4r Privatsph\u00e4r ze respekt\u00e9ieren an d&#8217;Informatioun ze sch\u00fctzen d\u00e9i Dir eis gitt. D\u00ebs Dateschutzpolitik erkl\u00e4ert w\u00e9i mir \u00c4r pers\u00e9inlech Informatioune sammelen, benotzen, ver\u00ebffentlechen a sch\u00fctzen. Wien ass responsabel fir d&#8217;Veraarbechtung vu menger Donn\u00e9e\u00ebn? W\u00e9i eng Servicer si betraff? [&hellip;]","og_url":"https:\/\/ecomlux.lu\/lu\/privatsphare-politik\/","og_site_name":"ECOM LUX | Agence digitale","article_publisher":"https:\/\/www.facebook.com\/ecomlux2020","article_modified_time":"2024-04-23T15:17:01+00:00","twitter_card":"summary_large_image","twitter_misc":{"Est. reading time":"6 minutes"},"schema":{"@context":"https:\/\/schema.org","@graph":[{"@type":"WebPage","@id":"https:\/\/ecomlux.lu\/lu\/privatsphare-politik\/","url":"https:\/\/ecomlux.lu\/lu\/privatsphare-politik\/","name":"Privatsph\u00e4re Politik - ECOM LUX | Agence digitale","isPartOf":{"@id":"https:\/\/ecomlux.lu\/lu\/#website"},"datePublished":"2022-11-02T10:38:04+00:00","dateModified":"2024-04-23T15:17:01+00:00","breadcrumb":{"@id":"https:\/\/ecomlux.lu\/lu\/privatsphare-politik\/#breadcrumb"},"inLanguage":"lu-LU","potentialAction":[{"@type":"ReadAction","target":["https:\/\/ecomlux.lu\/lu\/privatsphare-politik\/"]}]},{"@type":"BreadcrumbList","@id":"https:\/\/ecomlux.lu\/lu\/privatsphare-politik\/#breadcrumb","itemListElement":[{"@type":"ListItem","position":1,"name":"Home","item":"https:\/\/ecomlux.lu\/lu\/kommunikatiounsagence-zu-letzebuerg\/"},{"@type":"ListItem","position":2,"name":"Privatsph\u00e4re Politik"}]},{"@type":"WebSite","@id":"https:\/\/ecomlux.lu\/lu\/#website","url":"https:\/\/ecomlux.lu\/lu\/","name":"ECOM LUX | Agence de communication Luxembourg","description":"Votre agence de communication 360\u00b0 | ECOM LUX","publisher":{"@id":"https:\/\/ecomlux.lu\/lu\/#organization"},"potentialAction":[{"@type":"SearchAction","target":{"@type":"EntryPoint","urlTemplate":"https:\/\/ecomlux.lu\/lu\/?s={search_term_string}"},"query-input":{"@type":"PropertyValueSpecification","valueRequired":true,"valueName":"search_term_string"}}],"inLanguage":"lu-LU"},{"@type":"Organization","@id":"https:\/\/ecomlux.lu\/lu\/#organization","name":"ECOM LUX | Votre vision, notre expertise","url":"https:\/\/ecomlux.lu\/lu\/","logo":{"@type":"ImageObject","inLanguage":"lu-LU","@id":"https:\/\/ecomlux.lu\/lu\/#\/schema\/logo\/image\/","url":"https:\/\/ecomlux.lu\/wp-content\/uploads\/2022\/11\/logo-ecomlux-partenaire-digital-noir.webp?wsr","contentUrl":"https:\/\/ecomlux.lu\/wp-content\/uploads\/2022\/11\/logo-ecomlux-partenaire-digital-noir.webp?wsr","width":600,"height":180,"caption":"ECOM LUX | Votre vision, notre expertise"},"image":{"@id":"https:\/\/ecomlux.lu\/lu\/#\/schema\/logo\/image\/"},"sameAs":["https:\/\/www.facebook.com\/ecomlux2020","https:\/\/www.instagram.com\/ecom_lux\/","https:\/\/www.linkedin.com\/company\/ecom-lux\/","https:\/\/www.tiktok.com\/@ecom_lux"]}]}},"_links":{"self":[{"href":"https:\/\/ecomlux.lu\/lu\/wp-json\/wp\/v2\/pages\/25064","targetHints":{"allow":["GET"]}}],"collection":[{"href":"https:\/\/ecomlux.lu\/lu\/wp-json\/wp\/v2\/pages"}],"about":[{"href":"https:\/\/ecomlux.lu\/lu\/wp-json\/wp\/v2\/types\/page"}],"author":[{"embeddable":true,"href":"https:\/\/ecomlux.lu\/lu\/wp-json\/wp\/v2\/users\/2"}],"replies":[{"embeddable":true,"href":"https:\/\/ecomlux.lu\/lu\/wp-json\/wp\/v2\/comments?post=25064"}],"version-history":[{"count":19,"href":"https:\/\/ecomlux.lu\/lu\/wp-json\/wp\/v2\/pages\/25064\/revisions"}],"predecessor-version":[{"id":26342,"href":"https:\/\/ecomlux.lu\/lu\/wp-json\/wp\/v2\/pages\/25064\/revisions\/26342"}],"wp:attachment":[{"href":"https:\/\/ecomlux.lu\/lu\/wp-json\/wp\/v2\/media?parent=25064"}],"curies":[{"name":"wp","href":"https:\/\/api.w.org\/{rel}","templated":true}]}}